{"id":42885,"date":"2025-11-21T20:39:41","date_gmt":"2025-11-21T20:39:41","guid":{"rendered":"https:\/\/paraguayinmobiliaria.com\/?post_type=property&#038;p=42885"},"modified":"2025-12-01T08:09:51","modified_gmt":"2025-12-01T07:09:51","slug":"%f0%9f%8c%bf-la-casa-onda-verde-architektonischer-natur-rueckzugsort-in-der-oekologischen-wohnanlage","status":"publish","type":"property","link":"https:\/\/paraguayinmobiliaria.com\/pt\/haus\/\ud83c\udf3f-la-casa-onda-verde-retiro-arquitetonico-natural-no-complexo-residencial-ecologico\/","title":{"rendered":"La Casa Onda Verde - Retiro arquitet\u00f4nico natural em um cen\u00e1rio fabuloso cercado pela mais bela natureza"},"content":{"rendered":"<p><\/p>\n\n\n\n<p>No centro de um <strong>Conjunto habitacional moderno, que ama a natureza<\/strong> \u00e9 criada uma casa que combina harmoniosamente arquitetura, conforto e materiais naturais de alta qualidade.<br><em>La Casa Onda Verde<\/em> inclui <strong>83 m\u00b2 de \u00e1rea \u00fatil<\/strong> em um <strong>Propriedade de 900 m\u00b2<\/strong> na primeira \u00e1rea j\u00e1 desenvolvida do <strong>Complexo residencial ecol\u00f3gico<\/strong>. A constru\u00e7\u00e3o s\u00f3lida de argila, o telhado ondulado verde e a linguagem de design suavemente fluida criam um ambiente saud\u00e1vel e \u00fanico.<\/p>\n\n\n\n<p>\u2728 <strong>A propriedade foi constru\u00edda com um alto padr\u00e3o de qualidade<\/strong> - uma clara diferen\u00e7a em rela\u00e7\u00e3o a muitos edif\u00edcios novos convencionais no Paraguai.<br>\ud83d\udca5 <strong>O pre\u00e7o de \u20ac103.000<\/strong> resulta de um descarte oportuno e representa um <strong>Oferta extremamente atraente<\/strong> para uma propriedade rec\u00e9m-constru\u00edda desse tipo e qualidade.<\/p>\n\n\n\n<hr class=\"wp-block-separator has-alpha-channel-opacity\"\/>\n\n\n\n<h2 class=\"wp-block-heading\">\ud83c\udf31 <strong>Complexo residencial ecol\u00f3gico - natureza, paz e comunidade<\/strong><\/h2>\n\n\n\n<p>O conjunto habitacional representa a aten\u00e7\u00e3o plena, a tranquilidade, a proximidade com a natureza e um modo de vida consciente.<br>Inserida em um ambiente verde exuberante, \u00e9 criada uma comunidade na qual as pessoas se conhecem, se apoiam e crescem juntas.<\/p>\n\n\n\n<p>Um destaque futuro:<br>O <strong>Lagoa natural para banho<\/strong> (atualmente em constru\u00e7\u00e3o) se tornar\u00e1 um ponto de encontro central - um lugar para relaxar e socializar \ud83c\udf0a.<\/p>\n\n\n\n<p>O complexo residencial \u00e9 uma propriedade legalmente garantida <strong>Bairro Cerrado<\/strong> com t\u00edtulos de propriedade e infraestrutura moderna (\u00e1gua, eletricidade, internet, caminhos, \u00e1reas comuns). As casas s\u00e3o constru\u00eddas de forma sustent\u00e1vel, usando argila, madeira e pedra natural - para um clima interno particularmente agrad\u00e1vel.<\/p>\n\n\n\n<hr class=\"wp-block-separator has-alpha-channel-opacity\"\/>\n\n\n\n<h2 class=\"wp-block-heading\">\ud83c\udfe1 <strong>Descri\u00e7\u00e3o do im\u00f3vel - La Casa Onda Verde<\/strong><\/h2>\n\n\n\n<h2 class=\"wp-block-heading\"><strong>Localiza\u00e7\u00e3o<\/strong><\/h2>\n\n\n\n<ul class=\"wp-block-list\">\n<li>Propriedade no <strong>primeira se\u00e7\u00e3o residencial<\/strong> do conjunto habitacional ecol\u00f3gico<\/li>\n\n\n\n<li>\u00c1rea de 900 m\u00b2 em um bairro tranquilo e estabelecido<\/li>\n\n\n\n<li>Perto da natureza, bairro agrad\u00e1vel<\/li>\n<\/ul>\n\n\n\n<h2 class=\"wp-block-heading\"><strong>Seguran\u00e7a<\/strong><\/h2>\n\n\n\n<ul class=\"wp-block-list\">\n<li>Complexo residencial fechado e monitorado<\/li>\n\n\n\n<li>Tamb\u00e9m \u00e9 ideal para aus\u00eancias de longo prazo<\/li>\n<\/ul>\n\n\n\n<h2 class=\"wp-block-heading\"><strong>Constru\u00e7\u00e3o sustent\u00e1vel<\/strong><\/h2>\n\n\n\n<ul class=\"wp-block-list\">\n<li>Enorme <strong>Constru\u00e7\u00e3o em argila<\/strong><\/li>\n\n\n\n<li><strong>Telhado ondulado verde<\/strong> com irriga\u00e7\u00e3o autom\u00e1tica de \u00e1gua cinza<\/li>\n\n\n\n<li><strong>\u00c1rea \u00famida constru\u00edda<\/strong> para tratamento ecol\u00f3gico de \u00e1guas residuais<\/li>\n<\/ul>\n\n\n\n<hr class=\"wp-block-separator has-alpha-channel-opacity\"\/>\n\n\n\n<h2 class=\"wp-block-heading\">\ud83c\udf3f <strong>Instala\u00e7\u00f5es externas e jardim<\/strong><\/h2>\n\n\n\n<ul class=\"wp-block-list\">\n<li>Finalizado <strong>Sistema de gramado<\/strong> e plantio suplementar<\/li>\n\n\n\n<li>Elementos de pedra natural para \u00e1reas de jardim estruturadas<\/li>\n\n\n\n<li><strong>Caminho do pavimento<\/strong> Do estacionamento at\u00e9 o terra\u00e7o<\/li>\n\n\n\n<li>Prepara\u00e7\u00e3o para conex\u00e3o externa de \u00e1gua<\/li>\n\n\n\n<li>Conex\u00e3o de \u00e1gua da piscina dispon\u00edvel<\/li>\n\n\n\n<li>Opcional: <strong>Ilumina\u00e7\u00e3o externa indireta<\/strong> \u2728<\/li>\n<\/ul>\n\n\n\n<hr class=\"wp-block-separator has-alpha-channel-opacity\"\/>\n\n\n\n<h2 class=\"wp-block-heading\">\ud83e\udeb5 <strong>Terra\u00e7o<\/strong><\/h2>\n\n\n\n<ul class=\"wp-block-list\">\n<li>\u00c1rea externa espa\u00e7osa, com azulejos de alta qualidade<\/li>\n\n\n\n<li>Planejado <strong>P\u00e9rgola<\/strong> (madeira ou metal)<\/li>\n\n\n\n<li>Suspens\u00e3o de tecido de acordo com o modelo 3D<\/li>\n\n\n\n<li><strong>Capa de perspex \u00e0 prova d'\u00e1gua<\/strong><\/li>\n<\/ul>\n\n\n\n<hr class=\"wp-block-separator has-alpha-channel-opacity\"\/>\n\n\n\n<h2 class=\"wp-block-heading\">\ud83c\udfe0 <strong>Acess\u00f3rios internos<\/strong><\/h2>\n\n\n\n<h2 class=\"wp-block-heading\"><strong>Servi\u00e7os que o vendedor assume integralmente:<\/strong><\/h2>\n\n\n\n<ul class=\"wp-block-list\">\n<li><strong>Trabalho completo de pintura<\/strong> na cor desejada pelo comprador \ud83c\udfa8<\/li>\n\n\n\n<li><strong>Nova instala\u00e7\u00e3o el\u00e9trica<\/strong> Incluindo cabeamento completo<br>- As posi\u00e7\u00f5es da l\u00e2mpada e do interruptor podem ser selecionadas livremente<br>- Fornecimento de refletores de teto dimeriz\u00e1veis<br>- Possibilidade de op\u00e7\u00f5es adicionais de ilumina\u00e7\u00e3o<\/li>\n\n\n\n<li><strong>Grades<\/strong> interno e externo (a\u00e7o inoxid\u00e1vel \/ a\u00e7o inoxid\u00e1vel-vidro)<\/li>\n\n\n\n<li><strong>Ladrilhos Portobello de alta qualidade<\/strong> em toda a casa<\/li>\n\n\n\n<li>Dep\u00f3sito\/oficina com azulejos s\u00f3lidos<\/li>\n<\/ul>\n\n\n\n<hr class=\"wp-block-separator has-alpha-channel-opacity\"\/>\n\n\n\n<h2 class=\"wp-block-heading\">\ud83c\udf43 <strong>\u00c1rea de estar e galeria<\/strong><\/h2>\n\n\n\n<ul class=\"wp-block-list\">\n<li>Estrutura de vida aberta e iluminada<\/li>\n\n\n\n<li>Grande <strong>Frentes de vidro<\/strong> para o jardim<\/li>\n\n\n\n<li>Galeria ideal como \u00e1rea de trabalho, canto de leitura ou espa\u00e7o adicional<\/li>\n\n\n\n<li>Pequena sala de armazenamento na galeria para malas\/caixas<\/li>\n<\/ul>\n\n\n\n<hr class=\"wp-block-separator has-alpha-channel-opacity\"\/>\n\n\n\n<h2 class=\"wp-block-heading\">\ud83c\udf7d\ufe0f <strong>Cozinha e sala de estar<\/strong><\/h2>\n\n\n\n<ul class=\"wp-block-list\">\n<li>Espa\u00e7o aberto inundado de luz<\/li>\n\n\n\n<li>Instala\u00e7\u00e3o da cozinha n\u00e3o inclu\u00edda - possibilidade de projeto gratuito<\/li>\n\n\n\n<li><strong>Conex\u00e3o da m\u00e1quina de lavar<\/strong> dispon\u00edvel<\/li>\n\n\n\n<li>Arm\u00e1rio de armazenamento separado<\/li>\n<\/ul>\n\n\n\n<hr class=\"wp-block-separator has-alpha-channel-opacity\"\/>\n\n\n\n<h2 class=\"wp-block-heading\">\ud83d\udebf <strong>Banheiro<\/strong><\/h2>\n\n\n\n<ul class=\"wp-block-list\">\n<li>Formato grande <strong>Chuveiro de pedra natural<\/strong><\/li>\n\n\n\n<li>Torneiras Grohe de acordo com a escolha do comprador<\/li>\n\n\n\n<li><strong>Caldeira de 50 litros<\/strong> para \u00e1gua quente<\/li>\n<\/ul>\n\n\n\n<hr class=\"wp-block-separator has-alpha-channel-opacity\"\/>\n\n\n\n<h2 class=\"wp-block-heading\">\ud83d\ude34 <strong>Quarto de dormir<\/strong><\/h2>\n\n\n\n<ul class=\"wp-block-list\">\n<li>Sala silenciosa e com estrutura clara<\/li>\n\n\n\n<li>Orienta\u00e7\u00e3o direta sobre a luz do dia<\/li>\n<\/ul>\n\n\n\n<hr class=\"wp-block-separator has-alpha-channel-opacity\"\/>\n\n\n\n<h2 class=\"wp-block-heading\">\ud83d\ude97 <strong>Estacionamento<\/strong><\/h2>\n\n\n\n<ul class=\"wp-block-list\">\n<li>Diretamente na casa<\/li>\n\n\n\n<li>Tamb\u00e9m adequado para ve\u00edculos maiores<\/li>\n<\/ul>\n\n\n\n<hr class=\"wp-block-separator has-alpha-channel-opacity\"\/>\n\n\n\n<h2 class=\"wp-block-heading\">\ud83d\udee0\ufe0f <strong>Conclus\u00e3o<\/strong><\/h2>\n\n\n\n<ul class=\"wp-block-list\">\n<li>Pronto para morar <strong>aprox. 3 meses<\/strong><\/li>\n\n\n\n<li>O comprador especifica as cores, as l\u00e2mpadas, os interruptores e os detalhes finais<\/li>\n<\/ul>\n\n\n\n<hr class=\"wp-block-separator has-alpha-channel-opacity\"\/>\n\n\n\n<h2 class=\"wp-block-heading\"><strong>Detalhes mais importantes em um relance<\/strong><\/h2>\n\n\n\n<ul class=\"wp-block-list\">\n<li><strong>83 m\u00b2 de \u00e1rea \u00fatil<\/strong>, <strong>Terreno de 900 m\u00b2<\/strong><\/li>\n\n\n\n<li>Constru\u00e7\u00e3o em argila s\u00f3lida e telhado verde<\/li>\n\n\n\n<li><strong>Alta qualidade de constru\u00e7\u00e3o<\/strong> - bem acima do padr\u00e3o<\/li>\n\n\n\n<li>Ladrilhos Portobello de alta qualidade<\/li>\n\n\n\n<li>Galeria + dep\u00f3sito adicional<\/li>\n\n\n\n<li>Terra\u00e7o espa\u00e7oso + p\u00e9rgola planejada<\/li>\n\n\n\n<li>Jardim tropical com caminho pavimentado<\/li>\n\n\n\n<li>Oficina\/sala de armazenamento + almoxarifado<\/li>\n\n\n\n<li>Complexo residencial fechado e seguro<\/li>\n\n\n\n<li>Lagoa de nata\u00e7\u00e3o em constru\u00e7\u00e3o<\/li>\n\n\n\n<li>Conclus\u00e3o em aproximadamente 3 meses<\/li>\n\n\n\n<li><strong>Pre\u00e7o: apenas \u20ac 103.000 - imbat\u00edvel para uma propriedade nova no Paraguai<\/strong><\/li>\n\n\n\n<li>Os desejos do comprador s\u00e3o levados em considera\u00e7\u00e3o \ud83c\udfa8\ud83d\udca1<\/li>\n<\/ul>\n\n\n\n<p><strong>Observa\u00e7\u00e3o:<\/strong> O pre\u00e7o \u00e9 indicado em euros e corresponde a <strong>103.000\u20ac<\/strong>.<\/p>","protected":false},"excerpt":{"rendered":"<p>Inmitten einer modernen, naturverbundenen Wohnsiedlung entsteht ein Zuhause, das Architektur, Komfort und hochwertige Naturmaterialien harmonisch vereint.La Casa Onda Verde umfasst 83 m\u00b2 Wohnfl\u00e4che auf einem 900 m\u00b2 gro\u00dfen Grundst\u00fcck im ersten, bereits entwickelten Bereich der \u00d6kologischen Wohnanlage. Die massive Lehmbauweise, das begr\u00fcnte Wellendach und die weich flie\u00dfende Formensprache schaffen ein wohngesundes, einzigartiges Ambiente. \u2728 Die [&hellip;]<\/p>\n","protected":false},"author":1,"featured_media":43198,"parent":0,"menu_order":0,"template":"","property_type":[188],"property_status":[135],"property_feature":[],"property_label":[256,166],"property_country":[192],"property_state":[193],"property_city":[249],"property_area":[],"class_list":["post-42885","property","type-property","status-publish","has-post-thumbnail","hentry","property_type-immobilie","property_status-zu-verkaufen","property_label-oekologische-wohnsiedlung","property_label-verkauft","property_country-paraguay","property_state-cordillera","property_city-emboscada"],"property_meta":{"_edit_lock":["1764572993:1"],"rank_math_internal_links_processed":["1"],"_thumbnail_id":["43198"],"rank_math_seo_score":["6"],"_edit_last":["1"],"fave_property_price":["119000"],"fave_show_price_placeholder":["0"],"fave_property_size":["83"],"fave_property_size_prefix":["m\u00b2"],"fave_property_land":["900"],"fave_property_land_postfix":["m\u00b2"],"fave_property_bedrooms":["1"],"fave_property_rooms":["1"],"fave_property_bathrooms":["1"],"fave_property_year":["2025"],"fave_property_id":["HV-105"],"fave_property_map":["1"],"fave_property_location":["25.68654,-80.431345,15"],"houzez_geolocation_lat":["25.68654"],"houzez_geolocation_long":["-80.431345"],"fave_property_map_street_view":["hide"],"fave_featured":["0"],"houzez_featured_listing_date":[""],"fave_loggedintoview":["0"],"fave_agent_display_option":["author_info"],"fave_prop_homeslider":["no"],"fave_single_top_area":["global"],"fave_single_content_area":["global"],"cmplz_hide_cookiebanner":[""],"houzez_manual_expire":["0"],"_houzez_expiration_date_status":["saved"],"houzez_total_property_views":["2916"],"houzez_views_by_date":["a:61:{s:10:\"02-28-2026\";i:6;s:10:\"03-01-2026\";i:15;s:10:\"03-02-2026\";i:19;s:10:\"03-03-2026\";i:17;s:10:\"03-04-2026\";i:19;s:10:\"03-05-2026\";i:15;s:10:\"03-06-2026\";i:23;s:10:\"03-07-2026\";i:6;s:10:\"03-08-2026\";i:23;s:10:\"03-09-2026\";i:19;s:10:\"03-10-2026\";i:19;s:10:\"03-11-2026\";i:15;s:10:\"03-12-2026\";i:27;s:10:\"03-13-2026\";i:22;s:10:\"03-14-2026\";i:15;s:10:\"03-15-2026\";i:16;s:10:\"03-16-2026\";i:19;s:10:\"03-17-2026\";i:11;s:10:\"03-18-2026\";i:16;s:10:\"03-19-2026\";i:11;s:10:\"03-20-2026\";i:14;s:10:\"03-21-2026\";i:11;s:10:\"03-22-2026\";i:11;s:10:\"03-23-2026\";i:13;s:10:\"03-24-2026\";i:16;s:10:\"03-25-2026\";i:13;s:10:\"03-26-2026\";i:19;s:10:\"03-27-2026\";i:20;s:10:\"03-28-2026\";i:11;s:10:\"03-29-2026\";i:23;s:10:\"03-30-2026\";i:25;s:10:\"03-31-2026\";i:20;s:10:\"04-01-2026\";i:22;s:10:\"04-02-2026\";i:22;s:10:\"04-03-2026\";i:16;s:10:\"04-04-2026\";i:9;s:10:\"04-05-2026\";i:22;s:10:\"04-06-2026\";i:23;s:10:\"04-07-2026\";i:14;s:10:\"04-08-2026\";i:13;s:10:\"04-09-2026\";i:21;s:10:\"04-10-2026\";i:20;s:10:\"04-11-2026\";i:11;s:10:\"04-12-2026\";i:18;s:10:\"04-13-2026\";i:22;s:10:\"04-14-2026\";i:9;s:10:\"04-15-2026\";i:24;s:10:\"04-16-2026\";i:18;s:10:\"04-17-2026\";i:6;s:10:\"04-18-2026\";i:21;s:10:\"04-19-2026\";i:13;s:10:\"04-20-2026\";i:25;s:10:\"04-21-2026\";i:24;s:10:\"04-22-2026\";i:26;s:10:\"04-23-2026\";i:20;s:10:\"04-24-2026\";i:27;s:10:\"04-25-2026\";i:20;s:10:\"04-26-2026\";i:8;s:10:\"04-27-2026\";i:19;s:10:\"04-28-2026\";i:29;s:10:\"04-29-2026\";i:16;}"],"houzez_recently_viewed":["2026-04-29 18:43:17"],"_trp_automatically_translated_slug_pt_BR":["\ud83c\udf3f-la-casa-onda-verde-retiro-arquitetonico-natural-no-complexo-residencial-ecologico"],"_trp_automatically_translated_slug_en_US":["\ud83c\udf3f-la-casa-onda-verde-architectural-nature-retreat-in-the-ecological-residential-complex"],"_trp_automatically_translated_slug_es_ES":["\ud83c\udf3f-la-casa-onda-verde-refugio-natural-arquitectonico-en-el-complejo-residencial-ecologico"],"rank_math_contentai_score":["a:5:{s:8:\"keywords\";s:5:\"74.51\";s:9:\"wordCount\";s:1:\"0\";s:9:\"linkCount\";s:1:\"0\";s:12:\"headingCount\";s:1:\"0\";s:10:\"mediaCount\";s:1:\"0\";}"],"fave_property_images":["43198","42891","42892","42887","42896","42888","42890","42893","42898","42894","42886","42900","42895","42899","42897","42901"],"_eael_post_view_count":["2513"],"_cmplz_scanned_post":["1"],"_elementor_page_assets":["a:0:{}"]},"_links":{"self":[{"href":"https:\/\/paraguayinmobiliaria.com\/pt\/wp-json\/wp\/v2\/properties\/42885","targetHints":{"allow":["GET"]}}],"collection":[{"href":"https:\/\/paraguayinmobiliaria.com\/pt\/wp-json\/wp\/v2\/properties"}],"about":[{"href":"https:\/\/paraguayinmobiliaria.com\/pt\/wp-json\/wp\/v2\/types\/property"}],"author":[{"embeddable":true,"href":"https:\/\/paraguayinmobiliaria.com\/pt\/wp-json\/wp\/v2\/users\/1"}],"version-history":[{"count":0,"href":"https:\/\/paraguayinmobiliaria.com\/pt\/wp-json\/wp\/v2\/properties\/42885\/revisions"}],"wp:featuredmedia":[{"embeddable":true,"href":"https:\/\/paraguayinmobiliaria.com\/pt\/wp-json\/wp\/v2\/media\/43198"}],"wp:attachment":[{"href":"https:\/\/paraguayinmobiliaria.com\/pt\/wp-json\/wp\/v2\/media?parent=42885"}],"wp:term":[{"taxonomy":"property_type","embeddable":true,"href":"https:\/\/paraguayinmobiliaria.com\/pt\/wp-json\/wp\/v2\/property_type?post=42885"},{"taxonomy":"property_status","embeddable":true,"href":"https:\/\/paraguayinmobiliaria.com\/pt\/wp-json\/wp\/v2\/property_status?post=42885"},{"taxonomy":"property_feature","embeddable":true,"href":"https:\/\/paraguayinmobiliaria.com\/pt\/wp-json\/wp\/v2\/property_feature?post=42885"},{"taxonomy":"property_label","embeddable":true,"href":"https:\/\/paraguayinmobiliaria.com\/pt\/wp-json\/wp\/v2\/property_label?post=42885"},{"taxonomy":"property_country","embeddable":true,"href":"https:\/\/paraguayinmobiliaria.com\/pt\/wp-json\/wp\/v2\/property_country?post=42885"},{"taxonomy":"property_state","embeddable":true,"href":"https:\/\/paraguayinmobiliaria.com\/pt\/wp-json\/wp\/v2\/property_state?post=42885"},{"taxonomy":"property_city","embeddable":true,"href":"https:\/\/paraguayinmobiliaria.com\/pt\/wp-json\/wp\/v2\/property_city?post=42885"},{"taxonomy":"property_area","embeddable":true,"href":"https:\/\/paraguayinmobiliaria.com\/pt\/wp-json\/wp\/v2\/property_area?post=42885"}],"curies":[{"name":"wp","href":"https:\/\/api.w.org\/{rel}","templated":true}]}}